{"id":2,"date":"2014-02-14T14:56:29","date_gmt":"2014-02-14T12:56:29","guid":{"rendered":"http:\/\/seeton.de\/?page_id=2"},"modified":"2026-02-04T22:56:06","modified_gmt":"2026-02-04T20:56:06","slug":"beispiel-seite","status":"publish","type":"page","link":"https:\/\/seeton.de\/","title":{"rendered":"seeTon Nordic Jazz"},"content":{"rendered":"<h3>\u00a0<\/h3>\n<div class=\"\" dir=\"auto\">\n<div id=\"jsc_c_25g\" class=\"ecm0bbzt hv4rvrfc ihqw7lf3 dati1w0a\" data-ad-comet-preview=\"message\" data-ad-preview=\"message\">\n<div class=\"j83agx80 cbu4d94t ew0dbk1b irj2b8pg\">\n<div class=\"qzhwtbm6 knvmm38d\">\n<div class=\"kvgmc6g5 cxmmr5t8 oygrvhab hcukyx3x c1et5uql ii04i59q\">\n<div class=\"j83agx80 cbu4d94t ew0dbk1b irj2b8pg\">\n<div class=\"qzhwtbm6 knvmm38d\">\n<div class=\"kvgmc6g5 cxmmr5t8 oygrvhab hcukyx3x c1et5uql ii04i59q\">\n<div>\n<div class=\"j83agx80 cbu4d94t ew0dbk1b irj2b8pg\">\n<div class=\"qzhwtbm6 knvmm38d\">\n<div class=\"kvgmc6g5 cxmmr5t8 oygrvhab hcukyx3x c1et5uql ii04i59q\">\n<div>\n<div>\n<div>\n<h3><img loading=\"lazy\" class=\"alignnone  wp-image-654\" src=\"https:\/\/seeton.de\/wp-content\/uploads\/2015\/07\/PAR64_vorTransparent-300x254.png\" alt=\"\" width=\"82\" height=\"70\" srcset=\"https:\/\/seeton.de\/wp-content\/uploads\/2015\/07\/PAR64_vorTransparent-300x254.png 300w, https:\/\/seeton.de\/wp-content\/uploads\/2015\/07\/PAR64_vorTransparent.png 400w\" sizes=\"(max-width: 82px) 100vw, 82px\" \/>Bald: &#8222;Mittsommarnatt Jazz&#8220; mit Nadja Brezger (Voc) im K9 &#8211; 21. Juni!<\/h3>\n<p>\u00a0<\/p>\n<\/div>\n<\/div>\n<\/div>\n<\/div>\n<\/div>\n<\/div>\n<\/div>\n<\/div>\n<\/div>\n<\/div>\n<\/div>\n<\/div>\n<\/div>\n<\/div>\n<\/div>\n<p>Auf den Tag genau 10 Jahre wird es her sein, dass seeTon mit Nadja Brezger vor begeistertem Publikum im K9 in Konstanz Midsommarnatt, den l\u00e4ngsten Tag des Jahres, musikalisch gefeiert hat. Grund genug, dieses Festkonzert zum Midsommar zu wiederholen: <a href=\"https:\/\/seeton.de\/?p=1885\">Midsommarnatt am 21. Juni im K9 Konstanz<\/a>. Und weil das jetzt alle nachfragen: Ja, wir haben auf die Fu\u00dfball-WM R\u00fccksicht genommen. Unsere Konzerte stehen in keiner Konkurrenz mit Spielen Deutschland oder Schweiz. Genauso spannend und musikalisch vielseitig geht das Jahr weiter: Im Oktober sind wir in <a href=\"https:\/\/seeton.de\/?p=1812\">Scheer und Hegne zu Gast mit &#8222;Nordlichter&#8220;<\/a> und bauen wieder spannende Barockorgeln in Band und Programm ein. Und f\u00fcr 2027 haben wir auch schon ein Highlight in Konstanz zu verk\u00fcndien: Ein <a href=\"https:\/\/seeton.de\/?p=1896\">seeTon-Abend in der Jazzreihe &#8222;5vor8te&#8220;<\/a> im Le Sud in Konstanz<\/p>\n<p>Freuen Sie sich auf Skandinavische Highlights aus Nordic Jazz und Vokalmusik! Informationen zu allen kommenden Konzerten bei <a href=\"https:\/\/seeton.de\/?page_id=159\">@stage<\/a> .\u00a0<\/p>\n<div class=\"\" dir=\"auto\">\n<div id=\"jsc_c_25g\" class=\"ecm0bbzt hv4rvrfc ihqw7lf3 dati1w0a\" data-ad-comet-preview=\"message\" data-ad-preview=\"message\">\n<div class=\"j83agx80 cbu4d94t ew0dbk1b irj2b8pg\">\n<div class=\"qzhwtbm6 knvmm38d\">\n<div class=\"kvgmc6g5 cxmmr5t8 oygrvhab hcukyx3x c1et5uql ii04i59q\">\n<div class=\"j83agx80 cbu4d94t ew0dbk1b irj2b8pg\">\n<div class=\"qzhwtbm6 knvmm38d\">\n<div class=\"kvgmc6g5 cxmmr5t8 oygrvhab hcukyx3x c1et5uql ii04i59q\">\n<div>\n<div>\n<h3><img loading=\"lazy\" class=\"alignnone  wp-image-654\" src=\"https:\/\/seeton.de\/wp-content\/uploads\/2015\/07\/PAR64_vorTransparent-300x254.png\" alt=\"\" width=\"82\" height=\"70\" srcset=\"https:\/\/seeton.de\/wp-content\/uploads\/2015\/07\/PAR64_vorTransparent-300x254.png 300w, https:\/\/seeton.de\/wp-content\/uploads\/2015\/07\/PAR64_vorTransparent.png 400w\" sizes=\"(max-width: 82px) 100vw, 82px\" \/>Herzlich Willkommen!<\/h3>\n<p>Liebe Freunde gepflegter nordischer Jazzmusik, willkommen bei seeTon, der Nordic Jazz Band aus Konstanz: Heike G\u00f6rlitz \u2013 Saxophone; Martin Weber \u2013 Piano, Synth; Matthias Weisgerber \u2013 Bass; Ansgar Reising \u2013 Drums.<\/p>\n<\/div>\n<\/div>\n<\/div>\n<\/div>\n<\/div>\n<\/div>\n<p><em>&#8222;Eine Klangsprache, die Elemente aus Jazz, Rock, Latin und Klassik mit Weite und Schwermut skandinavischer Landschaften verbindet. Energie vereinigt sich mit Melancholie, Groove mit Lyrischem, Klangereignis mit Melodie. Inspiriert von skandinavischen Vorbildern wie Esbj\u00f6rn Svensson, Lars Danielson, Bugge Wesseltoft, Jan Garbarek, Arild Andersen und vielen anderen.&#8220; <\/em><\/p>\n<p>Klicke das Bild f\u00fcr erste Eindr\u00fccke im Teaser-Video &#8230;<\/p>\n<p><a href=\"https:\/\/youtu.be\/DkrU2Dq0AUY\" target=\"_blank\" rel=\"noopener\"><img loading=\"lazy\" class=\"alignnone size-medium wp-image-1408 aligncenter\" src=\"https:\/\/seeton.de\/wp-content\/uploads\/2022\/02\/Bildschirmfoto-2022-02-02-um-00.25.45-300x169.png\" alt=\"\" width=\"300\" height=\"169\" srcset=\"https:\/\/seeton.de\/wp-content\/uploads\/2022\/02\/Bildschirmfoto-2022-02-02-um-00.25.45-300x169.png 300w, https:\/\/seeton.de\/wp-content\/uploads\/2022\/02\/Bildschirmfoto-2022-02-02-um-00.25.45-768x432.png 768w, https:\/\/seeton.de\/wp-content\/uploads\/2022\/02\/Bildschirmfoto-2022-02-02-um-00.25.45-1536x864.png 1536w, https:\/\/seeton.de\/wp-content\/uploads\/2022\/02\/Bildschirmfoto-2022-02-02-um-00.25.45-2048x1152.png 2048w\" sizes=\"(max-width: 300px) 100vw, 300px\" \/><\/a><\/p>\n<p>Findet hier Informationen \u00fcber unsere Musik, unsere <a href=\"https:\/\/seeton.de\/?page_id=159\">Auftritte<\/a> und uns <a href=\"https:\/\/seeton.de\/?page_id=94\">Musiker<\/a>. Bestellt auch gerne unsere Termin-Mails (Anfrage an <a href=\"mailto:nordicJazz@seeTon.de\" target=\"_blank\" rel=\"noopener\">nordicJazz@seeTon.de<\/a>). Wir w\u00fcnschen viel Freude auf unserer Webseite! Und folgt uns gerne auch bei <a href=\"https:\/\/www.facebook.com\/NordicJazzAusKonstanz\" target=\"_blank\" rel=\"noopener\">Facebook<\/a>.<\/p>\n<p>seeTon Nordic Jazz ist seit 2025 gefo\u0308rdert durch das Kulturamt der Stadt Konstanz.<\/p>\n<p><img loading=\"lazy\" class=\"size-medium wp-image-1589 aligncenter\" src=\"https:\/\/seeton.de\/wp-content\/uploads\/2024\/12\/SKN_Kulturamt_Logo_cmyk-300x97.png\" alt=\"\" width=\"300\" height=\"97\" srcset=\"https:\/\/seeton.de\/wp-content\/uploads\/2024\/12\/SKN_Kulturamt_Logo_cmyk-300x97.png 300w, https:\/\/seeton.de\/wp-content\/uploads\/2024\/12\/SKN_Kulturamt_Logo_cmyk-768x248.png 768w, https:\/\/seeton.de\/wp-content\/uploads\/2024\/12\/SKN_Kulturamt_Logo_cmyk.png 1099w\" sizes=\"(max-width: 300px) 100vw, 300px\" \/><\/p>\n<\/div>\n<\/div>\n<\/div>\n<\/div>\n<h3 style=\"text-align: left;\"><a href=\"http:\/\/seeton.de\/wp-content\/uploads\/2015\/07\/PAR64_vorTransparent.png\"><img loading=\"lazy\" class=\"wp-image-654  alignnone\" src=\"http:\/\/seeton.de\/wp-content\/uploads\/2015\/07\/PAR64_vorTransparent-150x150.png\" alt=\"\" width=\"71\" height=\"71\" \/><\/a> Referenzen: Orte und Veranstalter<\/h3>\n<p style=\"text-align: left;\">Was w\u00e4re eine Band ohne die wunderbaren Veranstalter Auftrittsorte dieser Welt? An diesen sch\u00f6nen Pl\u00e4tzen und f\u00fcr diese wunderbaren Veranstalter haben wir schon musiziert (alphabetische Reihenfolge):<\/p>\n<p style=\"text-align: center;\"><img loading=\"lazy\" class=\"alignnone size-medium wp-image-869\" src=\"https:\/\/seeton.de\/wp-content\/uploads\/2017\/01\/eisenwerk-LOGO-300500-300x54.png\" alt=\"\" width=\"300\" height=\"54\" \/><\/p>\n<p style=\"text-align: center;\">Eisenwerk Frauenfeld<\/p>\n<p style=\"text-align: center;\">Gr\u00e4fliche G\u00e4rten des Schlosses zu Bodman<\/p>\n<p style=\"text-align: center;\"><img loading=\"lazy\" class=\"alignnone size-medium wp-image-875\" src=\"https:\/\/seeton.de\/wp-content\/uploads\/2017\/01\/JazzAmBerg_ohneAlles-300x213.jpg\" alt=\"\" width=\"300\" height=\"213\" \/><\/p>\n<p style=\"text-align: center;\">Jazz auf dem Berg, Heiligenberg<\/p>\n<p style=\"text-align: center;\"><img loading=\"lazy\" class=\"alignnone size-full wp-image-734\" src=\"https:\/\/seeton.de\/wp-content\/uploads\/2015\/10\/jazzDowntown16-Logo.jpg\" alt=\"\" width=\"155\" height=\"135\" \/>\u00a0 <img loading=\"lazy\" class=\"alignnone wp-image-1044 size-thumbnail\" src=\"https:\/\/seeton.de\/wp-content\/uploads\/2014\/02\/Jazz-Downtown-18-Aufkleber-150x150.png\" alt=\"\" width=\"150\" height=\"150\" \/><\/p>\n<p style=\"text-align: center;\">Jazz Downtown Konstanz<\/p>\n<p><img loading=\"lazy\" class=\"wp-image-1793 aligncenter\" src=\"https:\/\/seeton.de\/wp-content\/uploads\/2025\/04\/K9_logo_300dpi_RGB-200x300.jpg\" alt=\"\" width=\"130\" height=\"195\" srcset=\"https:\/\/seeton.de\/wp-content\/uploads\/2025\/04\/K9_logo_300dpi_RGB-200x300.jpg 200w, https:\/\/seeton.de\/wp-content\/uploads\/2025\/04\/K9_logo_300dpi_RGB-1667x2500.jpg 1667w, https:\/\/seeton.de\/wp-content\/uploads\/2025\/04\/K9_logo_300dpi_RGB-768x1152.jpg 768w, https:\/\/seeton.de\/wp-content\/uploads\/2025\/04\/K9_logo_300dpi_RGB-1024x1536.jpg 1024w, https:\/\/seeton.de\/wp-content\/uploads\/2025\/04\/K9_logo_300dpi_RGB-1365x2048.jpg 1365w, https:\/\/seeton.de\/wp-content\/uploads\/2025\/04\/K9_logo_300dpi_RGB-scaled.jpg 1707w\" sizes=\"(max-width: 130px) 100vw, 130px\" \/><\/p>\n<p style=\"text-align: center;\">Kulturzentrum K9, Konstanz<\/p>\n<p style=\"text-align: center;\">Kath. Kirche Altnau<\/p>\n<p style=\"text-align: center;\"><img loading=\"lazy\" class=\"alignnone size-medium wp-image-951\" src=\"https:\/\/seeton.de\/wp-content\/uploads\/2014\/02\/Konzilstadt-Konstanz-Logo-300x195.png\" alt=\"\" width=\"300\" height=\"195\" srcset=\"https:\/\/seeton.de\/wp-content\/uploads\/2014\/02\/Konzilstadt-Konstanz-Logo-300x195.png 300w, https:\/\/seeton.de\/wp-content\/uploads\/2014\/02\/Konzilstadt-Konstanz-Logo.png 500w\" sizes=\"(max-width: 300px) 100vw, 300px\" \/><\/p>\n<p style=\"text-align: center;\">Liederkranz am Ottenberg e.V. : Rathaussaal Bischofszell, Rathaussaal Weinfelden, Kath. Kirche Altnau<\/p>\n<p style=\"text-align: center;\"><img loading=\"lazy\" class=\"alignnone size-medium wp-image-1589\" src=\"https:\/\/seeton.de\/wp-content\/uploads\/2024\/12\/SKN_Kulturamt_Logo_cmyk-300x97.png\" alt=\"\" width=\"300\" height=\"97\" srcset=\"https:\/\/seeton.de\/wp-content\/uploads\/2024\/12\/SKN_Kulturamt_Logo_cmyk-300x97.png 300w, https:\/\/seeton.de\/wp-content\/uploads\/2024\/12\/SKN_Kulturamt_Logo_cmyk-768x248.png 768w, https:\/\/seeton.de\/wp-content\/uploads\/2024\/12\/SKN_Kulturamt_Logo_cmyk.png 1099w\" sizes=\"(max-width: 300px) 100vw, 300px\" \/><\/p>\n<p style=\"text-align: center;\"><img loading=\"lazy\" class=\"alignnone size-medium wp-image-1794\" src=\"https:\/\/seeton.de\/wp-content\/uploads\/2025\/04\/Thurgau-logo-300x105.jpg\" alt=\"\" width=\"300\" height=\"105\" srcset=\"https:\/\/seeton.de\/wp-content\/uploads\/2025\/04\/Thurgau-logo-300x105.jpg 300w, https:\/\/seeton.de\/wp-content\/uploads\/2025\/04\/Thurgau-logo-768x269.jpg 768w, https:\/\/seeton.de\/wp-content\/uploads\/2025\/04\/Thurgau-logo.jpg 1485w\" sizes=\"(max-width: 300px) 100vw, 300px\" \/><\/p>\n<p style=\"text-align: center;\">Maturafeier des BZWW Weinfelden (CH)<\/p>\n<p style=\"text-align: center;\">\u00a0<\/p>\n<p style=\"text-align: center;\">Prag: alte Synagoge<\/p>\n<p style=\"text-align: center;\">\u00a0<\/p>\n<p style=\"text-align: center;\">St. Gebhard Konstanz (Konzilsorgel)<\/p>\n<p style=\"text-align: center;\"><img loading=\"lazy\" class=\"alignnone size-medium wp-image-1796\" src=\"https:\/\/seeton.de\/wp-content\/uploads\/2025\/04\/Isny-Logo-300x85.png\" alt=\"\" width=\"300\" height=\"85\" srcset=\"https:\/\/seeton.de\/wp-content\/uploads\/2025\/04\/Isny-Logo-300x85.png 300w, https:\/\/seeton.de\/wp-content\/uploads\/2025\/04\/Isny-Logo.png 511w\" sizes=\"(max-width: 300px) 100vw, 300px\" \/>\u00a0<\/p>\n<p style=\"text-align: center;\">Stadt Isny im Allg\u00e4u<\/p>\n<p style=\"text-align: center;\">T\u00e1bor Universit\u00e4t Club<\/p>\n<p style=\"text-align: center;\"><img loading=\"lazy\" class=\"alignnone size-medium wp-image-1383\" src=\"https:\/\/seeton.de\/wp-content\/uploads\/2021\/06\/uniKonstanz-Homepage-seeTon-400x150px-300x187.png\" alt=\"\" width=\"300\" height=\"187\" srcset=\"https:\/\/seeton.de\/wp-content\/uploads\/2021\/06\/uniKonstanz-Homepage-seeTon-400x150px-300x187.png 300w, https:\/\/seeton.de\/wp-content\/uploads\/2021\/06\/uniKonstanz-Homepage-seeTon-400x150px.png 481w\" sizes=\"(max-width: 300px) 100vw, 300px\" \/><\/p>\n<p><img loading=\"lazy\" class=\"alignnone size-medium wp-image-1795 aligncenter\" src=\"https:\/\/seeton.de\/wp-content\/uploads\/2025\/04\/d-cz--300x110.jpg\" alt=\"\" width=\"300\" height=\"110\" srcset=\"https:\/\/seeton.de\/wp-content\/uploads\/2025\/04\/d-cz--300x110.jpg 300w, https:\/\/seeton.de\/wp-content\/uploads\/2025\/04\/d-cz-.jpg 567w\" sizes=\"(max-width: 300px) 100vw, 300px\" \/><\/p>\n<p style=\"text-align: center;\">Verein Deutsch-Tschechische Vereinigung Konstanz im Palmenhaus<\/p>\n<p>\u00a0<\/p>\n\n\n<h2><a href=\"http:\/\/seeton.de\/wp-content\/uploads\/2015\/07\/PAR64_vorTransparent.png\"><img loading=\"lazy\" class=\"wp-image-654  alignnone\" src=\"http:\/\/seeton.de\/wp-content\/uploads\/2015\/07\/PAR64_vorTransparent-150x150.png\" alt=\"\" width=\"71\" height=\"71\"><\/a>seeTon, Booking<\/h2>\n\n\n\n<p>nordicJazz@seeton.de<\/p>\n\n\n\n<p>matthias@seeTon.de<\/p>\n\n\n\n<p>+49\/171\/2094638<\/p>\n\n\n\n<p>Wir spielen gerne bei Euch! Wir freuen uns auf Eure Anfrage!<\/p>\n\n\n\n<p><\/p>\n","protected":false},"excerpt":{"rendered":"<p>\u00a0 Bald: &#8222;Mittsommarnatt Jazz&#8220; mit Nadja Brezger (Voc) im K9 &#8211; 21. Juni! \u00a0 Auf den Tag genau 10 Jahre wird es her sein, dass seeTon mit Nadja Brezger vor begeistertem Publikum im K9 in Konstanz Midsommarnatt, den l\u00e4ngsten Tag des Jahres, musikalisch gefeiert hat. Grund genug, dieses Festkonzert zum Midsommar zu wiederholen: Midsommarnatt am 21. Juni im K9 Konstanz. Und weil das jetzt alle nachfragen: Ja, wir haben auf die Fu\u00dfball-WM R\u00fccksicht genommen. Unsere Konzerte stehen in keiner Konkurrenz mit Spielen Deutschland oder Schweiz. Genauso spannend und musikalisch vielseitig geht das Jahr weiter: Im Oktober sind wir in Scheer und Hegne zu Gast mit &#8222;Nordlichter&#8220; und bauen wieder spannende Barockorgeln in Band und Programm ein. Und f\u00fcr 2027 haben wir auch schon ein Highlight in Konstanz zu verk\u00fcndien: Ein seeTon-Abend in der Jazzreihe &#8222;5vor8te&#8220; im Le Sud in Konstanz Freuen Sie sich auf Skandinavische Highlights aus Nordic Jazz und Vokalmusik! Informationen zu allen kommenden Konzerten bei @stage .\u00a0 Herzlich Willkommen! Liebe Freunde gepflegter nordischer Jazzmusik, willkommen bei seeTon, der<\/p>\n","protected":false},"author":1,"featured_media":1685,"parent":0,"menu_order":0,"comment_status":"open","ping_status":"closed","template":"","meta":[],"_links":{"self":[{"href":"https:\/\/seeton.de\/index.php?rest_route=\/wp\/v2\/pages\/2"}],"collection":[{"href":"https:\/\/seeton.de\/index.php?rest_route=\/wp\/v2\/pages"}],"about":[{"href":"https:\/\/seeton.de\/index.php?rest_route=\/wp\/v2\/types\/page"}],"author":[{"embeddable":true,"href":"https:\/\/seeton.de\/index.php?rest_route=\/wp\/v2\/users\/1"}],"replies":[{"embeddable":true,"href":"https:\/\/seeton.de\/index.php?rest_route=%2Fwp%2Fv2%2Fcomments&post=2"}],"version-history":[{"count":462,"href":"https:\/\/seeton.de\/index.php?rest_route=\/wp\/v2\/pages\/2\/revisions"}],"predecessor-version":[{"id":1939,"href":"https:\/\/seeton.de\/index.php?rest_route=\/wp\/v2\/pages\/2\/revisions\/1939"}],"wp:featuredmedia":[{"embeddable":true,"href":"https:\/\/seeton.de\/index.php?rest_route=\/wp\/v2\/media\/1685"}],"wp:attachment":[{"href":"https:\/\/seeton.de\/index.php?rest_route=%2Fwp%2Fv2%2Fmedia&parent=2"}],"curies":[{"name":"wp","href":"https:\/\/api.w.org\/{rel}","templated":true}]}}